
	{"id":47621,"date":"2025-01-28T17:07:01","date_gmt":"2025-01-28T16:07:01","guid":{"rendered":"https:\/\/entrepueblos.org\/donde-estamos\/"},"modified":"2026-04-21T21:03:50","modified_gmt":"2026-04-21T19:03:50","slug":"on-estem","status":"publish","type":"page","link":"https:\/\/entrepueblos.org\/ca\/on-estem\/","title":{"rendered":"On estem?"},"content":{"rendered":"<div class=\"grid grid-cols-1 sm:grid-cols-2 lg:grid-cols-4 gap-6\"><div class=\"box border-4 rounded-2xl ease-in-out\"><h3 class=\"text-3xl font-semibold\">Andaluc\u00eda<\/h3><span class=\"close\" id=\"closeBtn\"><\/span><div class=\"content max-h-32 overflow-y-auto\"><p><strong>Entrepueblos a Andalusia<\/strong> som 64 persones s\u00f2cies. La nostra companya de refer\u00e8ncia est\u00e0 a Sevilla i \u00e9s Dol Garc\u00eda (escriu-la per a resoldre qualsevol dubte que et sorgisca sobre el nostre funcionament en la zona <strong>dologs60@gmail.com<\/strong>). Tamb\u00e9 ens acompanya Carmen Baena, com a referent a Granada. A m\u00e9s hi ha un grup nombr\u00f3s de s\u00f2cies als pobles de la Serra Nord, seguint el llegat de Diamantino, el \u201ccapell\u00e0 obrer\u201d inspirador de la vocaci\u00f3 solid\u00e0ria internacionalista de Entrepueblos.\r\n\r\nLes tem\u00e0tiques m\u00e9s destacades amb les quals teixim les nostres resist\u00e8ncies i rebel\u00b7lies s\u00f3n els feminismes i la sobirania aliment\u00e0ria. Vam ser precursores del Grup de Sobirania Aliment\u00e0ria i G\u00e8nere, al voltant del qual es va gestar el llibre \u201cDones llauradores en la lluita. Entre la tradici\u00f3 i la lluita\u201d o la Revista de Not\u00edcies de Sobirania Aliment\u00e0ria i enguany donem suport a l'IX Congr\u00e9s d'Economies Feministes de Sevilla.\r\n\r\nRessaltem algunes de les plataformes amb les quals coordinem: Caravana obrint davanteres, Som Migrants, No a la Guerra, Plataforma de Palestina, Marea Blanca i Dones de Negre.\r\n\r\nEns reunim 1 vegada al mes, i espor\u00e0dicament quan les circumst\u00e0ncies el requereixen, en diferents espais p\u00fablics: centres c\u00edvics i altres.<\/p><\/div><span class=\"arrow\" id=\"arrowToggle\"><svg xmlns=\"http:\/\/www.w3.org\/2000\/svg\" width=\"32\" height=\"33\" viewBox=\"0 0 32 33\" fill=\"none\">\n<path d=\"M0.404219 3.98L3.46422 0.92L30.4042 27.86L27.3442 30.92L0.404219 3.98ZM27.2242 8.48H31.6642V32.18L27.2242 30.44V8.48ZM7.90422 27.74H29.9242L31.6642 32.18H7.90422V27.74Z\" fill=\"black\"\/>\n<\/svg><\/span><\/div><div class=\"box border-4 rounded-2xl ease-in-out\"><h3 class=\"text-3xl font-semibold\">Alacant \/ Elx<\/h3><span class=\"close\" id=\"closeBtn\"><\/span><p class=\"text-2xl mb-4\">Pa\u00eds Valenci\u00e0<\/p><div class=\"content max-h-32 overflow-y-auto\"><p>La OT de Alacant\/Elx som un grup de s\u00f2cies i activistas que ens reunim quinzenal o mensualment, en presencial i\/o online, i ens coordinem a trav\u00e9s del correu electr\u00f2nic i un grup de Telegram per al treball diari. Els nostres eixos de treball prioritaris s\u00f3n: Feminismes, Sobiranies i Just\u00edcies, des dels que fem accions al llarg de tot l\u2019any. Participem i col.laborem en diferents plataformes de la ciutat d\u2019Alacant i de la provincia, col.laborant i donant suport a campanyes concretes per la defensa del territori i pels drets socials i humans del nostre entorn. Tenim pres\u00e8ncia a Elx, Alacant, El Campello, Sant Vicent del Raspeig, Santa Pola i Petrer.\r\n\r\nEscriu-nos a:\u00a0<strong><a href=\"mailto:alacant@entrepobles.org\" target=\"_blank\" rel=\"noopener\">alacant@entrepobles.org<\/a><\/strong>\r\n\r\n<strong><a href=\"https:\/\/www.facebook.com\/EntrepoblesPaisValencia\">https:\/\/www.facebook.com\/EntrepoblesPaisValencia<\/a><\/strong><\/p><\/div><span class=\"arrow\" id=\"arrowToggle\"><svg xmlns=\"http:\/\/www.w3.org\/2000\/svg\" width=\"32\" height=\"33\" viewBox=\"0 0 32 33\" fill=\"none\">\n<path d=\"M0.404219 3.98L3.46422 0.92L30.4042 27.86L27.3442 30.92L0.404219 3.98ZM27.2242 8.48H31.6642V32.18L27.2242 30.44V8.48ZM7.90422 27.74H29.9242L31.6642 32.18H7.90422V27.74Z\" fill=\"black\"\/>\n<\/svg><\/span><\/div><div class=\"box border-4 rounded-2xl ease-in-out\"><h3 class=\"text-3xl font-semibold\">Asturias<\/h3><span class=\"close\" id=\"closeBtn\"><\/span><div class=\"content max-h-32 overflow-y-auto\"><p><strong>Entrepueblos a Ast\u00faries<\/strong> treballa els eixos de sobiranies, feminismes i just\u00edcies, havent portat l'exposici\u00f3 d'\u201dActivistes per la Vida\u201d, realitzada en col\u00b7laboraci\u00f3 amb el fotoperiodista Gervasio S\u00e1nchez, fins a Oviedo. En aquest territori es presta especial atenci\u00f3 a l'autocura i la sanaci\u00f3, coorganitzant activitats amb les companyes de Kaqla. Som membres de la Coordinadora Asturiana d\u00b4ONGDs i del grup de treball d\u00b4Educaci\u00f3.\r\n\r\n<strong>ep.asturies@entrepobles.org<\/strong><\/p><\/div><span class=\"arrow\" id=\"arrowToggle\"><svg xmlns=\"http:\/\/www.w3.org\/2000\/svg\" width=\"32\" height=\"33\" viewBox=\"0 0 32 33\" fill=\"none\">\n<path d=\"M0.404219 3.98L3.46422 0.92L30.4042 27.86L27.3442 30.92L0.404219 3.98ZM27.2242 8.48H31.6642V32.18L27.2242 30.44V8.48ZM7.90422 27.74H29.9242L31.6642 32.18H7.90422V27.74Z\" fill=\"black\"\/>\n<\/svg><\/span><\/div><div class=\"box border-4 rounded-2xl ease-in-out\"><h3 class=\"text-3xl font-semibold\">Barcelona<\/h3><span class=\"close\" id=\"closeBtn\"><\/span><p class=\"text-2xl mb-4\">Catalunya<\/p><div class=\"content max-h-32 overflow-y-auto\"><p><strong>Entrepobles Barcelona<\/strong>, actualment, som 98 persones s\u00f2cies compromeses amb els valors de <strong>l\u2019internacionalisme i la just\u00edcia global<\/strong>. Al llarg de les darreres quatre d\u00e8cades, hem participat activament en els moviments socials: la solidaritat amb Centream\u00e8rica, les acampades pel 0,7%, les lluites contra el deute extern i la globalitzaci\u00f3 neoliberal, per la sobirania aliment\u00e0ria, el 15M, els moviments feministes, ecologistes, antimilitaristes i contra les guerres.\r\n\r\nDes dels nostres <strong>principals eixos de treball<\/strong> (consultables a entrepobles.org), continuem generant sinergies amb el teixit associatiu de Barcelona i d\u2019arreu de Catalunya. Participem en espais feministes, plataformes per la transici\u00f3 ecosocial, xarxes antiracistes i iniciatives per la defensa dels drets humans, tant aqu\u00ed com a Abya Yala.\r\n\r\nPer\u00f2 tamb\u00e9 volem oferir un espai propi per establir vincles amb organitzacions del Sud Global, aix\u00ed com per impulsar activitats formatives i de sensibilitzaci\u00f3 al nostre entorn, des d\u2019una mirada internacionalista i transformadora.\r\n\r\n\ud83d\udc49 Si t\u2019interessa col\u00b7laborar en la mesura de les teves possibilitats, escriu-nos a\r\n\ud83d\udce7 <strong>montse.benito@entrepobles.org<\/strong>\r\n\r\n\ud83d\udccd Ens coordinem des de la nostra seu dins l'espai La Comunal (Carrer En Blanc, 73 \u2013 Sants, Barcelona).<\/p><\/div><span class=\"arrow\" id=\"arrowToggle\"><svg xmlns=\"http:\/\/www.w3.org\/2000\/svg\" width=\"32\" height=\"33\" viewBox=\"0 0 32 33\" fill=\"none\">\n<path d=\"M0.404219 3.98L3.46422 0.92L30.4042 27.86L27.3442 30.92L0.404219 3.98ZM27.2242 8.48H31.6642V32.18L27.2242 30.44V8.48ZM7.90422 27.74H29.9242L31.6642 32.18H7.90422V27.74Z\" fill=\"black\"\/>\n<\/svg><\/span><\/div><div class=\"box border-4 rounded-2xl ease-in-out\"><h3 class=\"text-3xl font-semibold\">Burgos<\/h3><span class=\"close\" id=\"closeBtn\"><\/span><p class=\"text-2xl mb-4\">Castilla y Le\u00f3n<\/p><div class=\"content max-h-32 overflow-y-auto\"><p><div dir=\"auto\">\r\n\r\nA <strong>Entrepueblos Burgos<\/strong> som unes 60 persones s\u00f2cies, comptem amb la col\u00b7laboraci\u00f3 espor\u00e0dica d'unes 12 i amb la participaci\u00f3 regular i de m\u00e9s comprom\u00eds de 6 activistes que ens reunim un cop al mes per organitzar el nostre treball, a la biblioteca p\u00fablica de la Pla\u00e7a de Sant Joan i ens coordinem tamb\u00e9 a trav\u00e9s del mail: <strong>ep.burgos@entrepueblos.org<\/strong>\r\n\r\nEls nostres eixos de treball prioritaris s\u00f3n, igual que en el conjunt de l'organitzaci\u00f3: Defensa de defensors\/es de DD.HH, Sobiranies i Feminismes. Hem dut a terme els darrers anys projectes d'educaci\u00f3 emancipadora, sobre la defensa dels qui defensen els DDHH i b\u00e9ns p\u00fablics, sobre dones i sobirania aliment\u00e0ria, sobre migracions clim\u00e0tiques.\r\n\r\nRealitzem activitats a centres educatius, tant d'educaci\u00f3 formal, com no formal (Centres C\u00edvics i Biblioteques) aix\u00ed com a la Universitat col\u00b7laborant en la formaci\u00f3 d'estudiants que vulguin realitzar els seus Treballs de Fi de Grau o M\u00e0ster en Projectes d'Entrepobles. Per aix\u00f2 promovem al seu dia la signatura d'un Conveni espec\u00edfic de col\u00b7laboraci\u00f3 que es mant\u00e9 vigent\r\n\r\nTenim una pres\u00e8ncia molt activa a la Plataforma Burgos amb les persones Refugiades de la qual formem part des de la seva creaci\u00f3, col\u00b7laborant en totes les campanyes que realitza.\r\n\r\nTreballem en xarxa amb la COODECyL, Coordinadora d'ONGs de Castella i Lle\u00f3 (Grup de Treball de Burgos) i la posteriorment creada Ciutadania a Peu de Paz\r\n\r\n<strong>entrepoblesencastillayleon<\/strong>\r\n\r\n<\/div><\/p><\/div><span class=\"arrow\" id=\"arrowToggle\"><svg xmlns=\"http:\/\/www.w3.org\/2000\/svg\" width=\"32\" height=\"33\" viewBox=\"0 0 32 33\" fill=\"none\">\n<path d=\"M0.404219 3.98L3.46422 0.92L30.4042 27.86L27.3442 30.92L0.404219 3.98ZM27.2242 8.48H31.6642V32.18L27.2242 30.44V8.48ZM7.90422 27.74H29.9242L31.6642 32.18H7.90422V27.74Z\" fill=\"black\"\/>\n<\/svg><\/span><\/div><div class=\"box border-4 rounded-2xl ease-in-out\"><h3 class=\"text-3xl font-semibold\">Castilla-La Mancha<\/h3><span class=\"close\" id=\"closeBtn\"><\/span><div class=\"content max-h-32 overflow-y-auto\"><p>En <strong>Castilla-La Mancha<\/strong> Entrepueblos t\u00e9 base social a totes les seves prov\u00edncies, realitzant-se un treball de divulgaci\u00f3 de materials produ\u00efts per l'organitzaci\u00f3 en els \u00e0mbits de sobiranies, feminismes i just\u00edcies. El mail de refer\u00e8ncia \u00e9s:\r\n\r\n<strong><a href=\"ep.castillalamancha@entrepueblos.org\">ep.castillalamancha@entrepueblos.org<\/a><\/strong><\/p><\/div><span class=\"arrow\" id=\"arrowToggle\"><svg xmlns=\"http:\/\/www.w3.org\/2000\/svg\" width=\"32\" height=\"33\" viewBox=\"0 0 32 33\" fill=\"none\">\n<path d=\"M0.404219 3.98L3.46422 0.92L30.4042 27.86L27.3442 30.92L0.404219 3.98ZM27.2242 8.48H31.6642V32.18L27.2242 30.44V8.48ZM7.90422 27.74H29.9242L31.6642 32.18H7.90422V27.74Z\" fill=\"black\"\/>\n<\/svg><\/span><\/div><div class=\"image-inserted w-full\"><img decoding=\"async\" src=\"https:\/\/entrepueblos.org\/wp-content\/uploads\/2026\/04\/photo_2026-04-14-20.22.51.jpeg\" alt=\"Imagen 1\" class=\"w-full\" \/><\/div><div class=\"box border-4 rounded-2xl ease-in-out\"><h3 class=\"text-3xl font-semibold\">Euskal Herria<\/h3><span class=\"close\" id=\"closeBtn\"><\/span><p class=\"text-2xl mb-4\">Euskadi y Navarra<\/p><div class=\"content max-h-32 overflow-y-auto\"><p>A <strong>Euskal Herria<\/strong> els temes prioritaris que treballem s\u00f3n Defensa del territori, Just\u00edcies i drets, acompanyament i intercanvi amb defensores de DDHH i de drets ambientals, emerg\u00e8ncia clim\u00e0tica. Comptem amb una col\u00b7laboraci\u00f3 m\u00e9s compromesa i permanent de diverses activistes a Getxo, Bilbao ia Navarra, amb mail de refer\u00e8ncia per a Euskadi: <strong>herriarte@herriarte.org i per a Navarra: 77urbina@gmail.com<\/strong>\r\n\r\nAls anys 2024 i 2025 hem consolidat les activitats de sensibilitzaci\u00f3 d'Herriarte, destacant el caminar de l'exposici\u00f3 \u201cMigraci\u00f3 i despla\u00e7ament de les persones per causes ambientals\u201d, la projecci\u00f3 del documental 50\u00e8 i les xerrades connectant la realitat local amb la global. A m\u00e9s, la celebraci\u00f3 XXXVII Assemblea General a Bilbao ha contribu\u00eft a teixir aliances en l'\u00e0mbit local. El 2026 es refor\u00e7ar\u00e0 la pres\u00e8ncia territorial amb l'exposici\u00f3 \"Activistes per la Vida\" amb fotografies de Gervasio S\u00e1nchez, intensificant els intercanvis internacionalistes al territori.\r\n\r\nParticipem a la plataforma de suport refugi, Kapitalari Planto, Coordinadora d'ONG d'Euskadi, Consell de Cooperaci\u00f3 de l'Ajuntament de Getxo i Xarxa Universit\u00e0ria per Palestina. Coordinem amb la coordinadora anticoke de Muskiz, Meatzaldea Bizirik, UPNA-Pamplona i despr\u00e9s de la realitzaci\u00f3 de la nostra Assemblea hem iniciat col\u00b7laboracions amb La Sinsorga o Pikara Magazine.<\/p><\/div><span class=\"arrow\" id=\"arrowToggle\"><svg xmlns=\"http:\/\/www.w3.org\/2000\/svg\" width=\"32\" height=\"33\" viewBox=\"0 0 32 33\" fill=\"none\">\n<path d=\"M0.404219 3.98L3.46422 0.92L30.4042 27.86L27.3442 30.92L0.404219 3.98ZM27.2242 8.48H31.6642V32.18L27.2242 30.44V8.48ZM7.90422 27.74H29.9242L31.6642 32.18H7.90422V27.74Z\" fill=\"black\"\/>\n<\/svg><\/span><\/div><div class=\"box border-4 rounded-2xl ease-in-out\"><h3 class=\"text-3xl font-semibold\">Galiza<\/h3><span class=\"close\" id=\"closeBtn\"><\/span><div class=\"content max-h-32 overflow-y-auto\"><p>En Galiza para la realizaci\u00f3n de nuestras actividades coordinamos con <a href=\"https:\/\/revolteira.gal\/\"><strong>A Revolteira<\/strong><\/a> con sede en A Coru\u00f1a, que<em><strong> nace como alternativa colectiva e comunitaria a un sistema capitalista, colonial e heteropatriarcal que excl\u00fae as maior\u00edas e avanza cara ao colapso social e ambiental dos nosos barrios, da nosa cidade, do noso pa\u00eds e do noso planeta.\u00a0<\/strong><\/em>Los ejes de actuaci\u00f3n prioritaria son soberan\u00edas y justicias, habiendo acogido las giras de Yasunid@s que han realizado un intercambio de experiencias con la lucha local de Altri. Tambi\u00e9n se han trabajado temas de migraciones, trabajo de hogar y cuidados a trav\u00e9s de \"Las Caminantas\". Contamos con base social en las 4 provincias galegas. El mail de referencia es <strong>diegomestizo@gmail.com<\/strong><\/p><\/div><span class=\"arrow\" id=\"arrowToggle\"><svg xmlns=\"http:\/\/www.w3.org\/2000\/svg\" width=\"32\" height=\"33\" viewBox=\"0 0 32 33\" fill=\"none\">\n<path d=\"M0.404219 3.98L3.46422 0.92L30.4042 27.86L27.3442 30.92L0.404219 3.98ZM27.2242 8.48H31.6642V32.18L27.2242 30.44V8.48ZM7.90422 27.74H29.9242L31.6642 32.18H7.90422V27.74Z\" fill=\"black\"\/>\n<\/svg><\/span><\/div><div class=\"box border-4 rounded-2xl ease-in-out\"><h3 class=\"text-3xl font-semibold\">Madrid<\/h3><span class=\"close\" id=\"closeBtn\"><\/span><p class=\"text-2xl mb-4\">Comunidad de Madrid<\/p><div class=\"content max-h-32 overflow-y-auto\"><p><strong>Entrepueblos Madrid<\/strong>, articulem amb altres organitzacions, i ens reunim en espais col\u00b7laboratius oa l'Oficina d'Entrepobles a Sant Sebasti\u00e0 dels Reis, Centre de Participaci\u00f3 Ciutadana. A m\u00e9s ens comuniquem a trav\u00e9s de correu electr\u00f2nic, tel\u00e8fon i whatsapp.\r\n\r\nEls nostres eixos de treball prioritaris s\u00f3n: Feminismes, viol\u00e8ncies masclistes, DDHH i sobiranies.\r\n\r\nParticipem a la Xarxa de Defensores Drets Humans, Moviment Feminista, Plataforma 7N contra les Viol\u00e8ncies Masclistes, F\u00f2rum de Madrid Solid\u00e0ria de l'Ajuntament de Madrid, entre altres espais de participaci\u00f3 ciutadana i incid\u00e8ncia pol\u00edtica, inclosos els de Sant Sebasti\u00e0 dels Reis i Alcobendas. Participem del Grup de Treball de Feminismes de la Coordinadora Estatal d'ONG per al Desenvolupament i formem part de la Xarxa d'ONG de Madrid.\r\n\r\n<strong><a href=\"mailto:ep.madrid@entrepueblos.org\">ep.madrid@entrepueblos.org<\/a><\/strong>\r\n<strong><a href=\"https:\/\/www.facebook.com\/EntrepueblosMadrid\">EntrepueblosMadrid<\/a><\/strong><\/p><\/div><span class=\"arrow\" id=\"arrowToggle\"><svg xmlns=\"http:\/\/www.w3.org\/2000\/svg\" width=\"32\" height=\"33\" viewBox=\"0 0 32 33\" fill=\"none\">\n<path d=\"M0.404219 3.98L3.46422 0.92L30.4042 27.86L27.3442 30.92L0.404219 3.98ZM27.2242 8.48H31.6642V32.18L27.2242 30.44V8.48ZM7.90422 27.74H29.9242L31.6642 32.18H7.90422V27.74Z\" fill=\"black\"\/>\n<\/svg><\/span><\/div><div class=\"box border-4 rounded-2xl ease-in-out\"><h3 class=\"text-3xl font-semibold\">Mallorca<\/h3><span class=\"close\" id=\"closeBtn\"><\/span><p class=\"text-2xl mb-4\">Illes Balears<\/p><div class=\"content max-h-32 overflow-y-auto\"><p>Ens mantenim en contacte per mail o whatsapp per a la feina di\u00e0ria i ens reunim quan \u00e9s necessari per tractar temes concrets compartint un dinar o sopar.\r\n\r\nEls nostres eixos prioritaris s\u00f3n: Sobiranies, Defensa del territori i Just\u00edcies.\r\n\r\nParticipem en l'Assemblea de Moviments Socials de Mallorca-FSMa, Plataforma contra els Tractats de Comer\u00e7 i inversi\u00f3, Mercat Social de les illes Balears, Coordinadora de ONGD de les illes Balears i en la Xarxa per la Sobirania Energ\u00e8tica de Mallorca.\r\n\r\nTamb\u00e9 col\u00b7laborem i fem costat a campanyes concretes per la defensa del territori i pels drets socials i humans del nostre entorn.\r\n\r\n<strong><a href=\"mallorca@entrepobles.org\">mallorca@entrepobles.org<\/a><\/strong><\/p><\/div><span class=\"arrow\" id=\"arrowToggle\"><svg xmlns=\"http:\/\/www.w3.org\/2000\/svg\" width=\"32\" height=\"33\" viewBox=\"0 0 32 33\" fill=\"none\">\n<path d=\"M0.404219 3.98L3.46422 0.92L30.4042 27.86L27.3442 30.92L0.404219 3.98ZM27.2242 8.48H31.6642V32.18L27.2242 30.44V8.48ZM7.90422 27.74H29.9242L31.6642 32.18H7.90422V27.74Z\" fill=\"black\"\/>\n<\/svg><\/span><\/div><div class=\"box border-4 rounded-2xl ease-in-out\"><h3 class=\"text-3xl font-semibold\">Menorca<\/h3><span class=\"close\" id=\"closeBtn\"><\/span><p class=\"text-2xl mb-4\">Illes Balears<\/p><div class=\"content max-h-32 overflow-y-auto\"><p><strong>Entrepobles Menorca<\/strong> hem enfocat la nostra feina dels darrers anys a temes de sobiranies (sobirania aliment\u00e0ria i energ\u00e8tica, defensa del dret a l'aigua davant de les transnacionals, canvi clim\u00e0tic, etc), amb \u00e8mfasi en el treball amb joves per fomentar un activisme social i personal. Participem en el Fons Menorqu\u00ed de Solidaritat i Cooperaci\u00f3 i a No al TTIP Menorca.\r\n\r\n<strong><a href=\"activistesmenorca@gmail.com\"><span lang=\"ES\">activistesmenorca@gmail.com<\/span><\/a><\/strong><\/p><\/div><span class=\"arrow\" id=\"arrowToggle\"><svg xmlns=\"http:\/\/www.w3.org\/2000\/svg\" width=\"32\" height=\"33\" viewBox=\"0 0 32 33\" fill=\"none\">\n<path d=\"M0.404219 3.98L3.46422 0.92L30.4042 27.86L27.3442 30.92L0.404219 3.98ZM27.2242 8.48H31.6642V32.18L27.2242 30.44V8.48ZM7.90422 27.74H29.9242L31.6642 32.18H7.90422V27.74Z\" fill=\"black\"\/>\n<\/svg><\/span><\/div><div class=\"image-inserted w-full\"><img decoding=\"async\" src=\"https:\/\/entrepueblos.org\/wp-content\/uploads\/2026\/04\/photo_2026-04-14-20.23.02.jpeg\" alt=\"Imagen 2\" class=\"w-full\" \/><\/div><div class=\"box border-4 rounded-2xl ease-in-out\"><h3 class=\"text-3xl font-semibold\">Murcia<\/h3><span class=\"close\" id=\"closeBtn\"><\/span><div class=\"content max-h-32 overflow-y-auto\"><p><strong>Entrepobles M\u00farcia<\/strong> som 107 persones s\u00f2cies, tenim coordinaci\u00f3 permanent per correu electr\u00f2nic <strong>ep.murcia@entrepueblos.org<\/strong> (escriu-nos per resoldre qualsevol dubte), telegram o de forma presencial\r\n\r\nEns reunim amb una periodicitat mensual o en funci\u00f3 de les activitats que organitzem. Les nostres tem\u00e0tiques de refer\u00e8ncia s\u00f3n Sobiranies, Feminismes i Just\u00edcies.\r\n\r\nSom membre de la Coordinadora Regional d'ONGD, col\u00b7laborant-hi en activitats que organitzem conjuntament (per exemple: suport a refugiats i immigrants). Altres xarxes amb les teixits resist\u00e8ncies s\u00f3n l'Associaci\u00f3 \u201cConviure Sense Racisme\u201d amb qu\u00e8 participem en la den\u00fancia contra els CIEs. Participem a la Coordinadora de Solidaritat amb Cuba, al Comit\u00e8 Antiimperialista ia Palestina Lliure.<\/p><\/div><span class=\"arrow\" id=\"arrowToggle\"><svg xmlns=\"http:\/\/www.w3.org\/2000\/svg\" width=\"32\" height=\"33\" viewBox=\"0 0 32 33\" fill=\"none\">\n<path d=\"M0.404219 3.98L3.46422 0.92L30.4042 27.86L27.3442 30.92L0.404219 3.98ZM27.2242 8.48H31.6642V32.18L27.2242 30.44V8.48ZM7.90422 27.74H29.9242L31.6642 32.18H7.90422V27.74Z\" fill=\"black\"\/>\n<\/svg><\/span><\/div><div class=\"box border-4 rounded-2xl ease-in-out\"><h3 class=\"text-3xl font-semibold\">Pened\u00e8s<\/h3><span class=\"close\" id=\"closeBtn\"><\/span><p class=\"text-2xl mb-4\">Catalunya<\/p><div class=\"content max-h-32 overflow-y-auto\"><p><strong>Entrepobles Pened\u00e8s<\/strong> ens reunim cada primer dissabte de mes a l\u2019Escorxador de Vilafranca (centre d\u2019entitats). Ens coordinem per whatsapp i per correu-e. Els nostres eixos de treball s\u00f3n: Feminismes, Sobiranies i Just\u00edcies.\r\n\r\nEl nostre correu \u00e9s: <strong><a href=\"penedes@entrepobles.org\">penedes@entrepobles.org<\/a><\/strong>\r\n<a href=\"https:\/\/entrepoblespenedes.wordpress.com\/\">https:\/\/entrepoblespenedes.wordpress.com\/\u00a0<\/a><\/p><\/div><span class=\"arrow\" id=\"arrowToggle\"><svg xmlns=\"http:\/\/www.w3.org\/2000\/svg\" width=\"32\" height=\"33\" viewBox=\"0 0 32 33\" fill=\"none\">\n<path d=\"M0.404219 3.98L3.46422 0.92L30.4042 27.86L27.3442 30.92L0.404219 3.98ZM27.2242 8.48H31.6642V32.18L27.2242 30.44V8.48ZM7.90422 27.74H29.9242L31.6642 32.18H7.90422V27.74Z\" fill=\"black\"\/>\n<\/svg><\/span><\/div><div class=\"box border-4 rounded-2xl ease-in-out\"><h3 class=\"text-3xl font-semibold\">Tarragona<\/h3><span class=\"close\" id=\"closeBtn\"><\/span><p class=\"text-2xl mb-4\">Catalunya<\/p><div class=\"content max-h-32 overflow-y-auto\"><p><b>Entrepobles Tarragona<\/b><span style=\"font-weight: 400\"> fem una reuni\u00f3 quincenal, normalment els dijous, actualment a les 19'30, a la seu del sindicat d'ensenyament USTEC del carrer Sant Francesc n\u00ba 14, pis 2n 2a. Ens mantenim en contacte per correu electr\u00f2nic, tel\u00e8fon i WhatsApp. Els temes prioritaris en els que treballem s\u00f3n: feminisme, sobirania, just\u00edcia i formaci\u00f3. Participem a la coordinadora d'ONG, STOPMAREMORTUM, consells municipals de cooperaci\u00f3 de Tarragona i Reus.\u00a0<\/span>\r\n\r\nEl nostre correu <strong><a href=\"mailto:epoblest@tarragona.tinet.cat\">epoblest@tarragona.tinet.cat<\/a><\/strong>. Tamb\u00e9 podeu contactar per tel\u00e8fon 630948370\r\n<strong><a href=\"https:\/\/x.com\/Entrepobles_Tgn\">@EntrePobles_Tgn<\/a><\/strong>\r\n<strong><a href=\"https:\/\/www.facebook.com\/entrepoblestgn\">EntrePobles-Camp-de-Tarragona<\/a><\/strong><\/p><\/div><span class=\"arrow\" id=\"arrowToggle\"><svg xmlns=\"http:\/\/www.w3.org\/2000\/svg\" width=\"32\" height=\"33\" viewBox=\"0 0 32 33\" fill=\"none\">\n<path d=\"M0.404219 3.98L3.46422 0.92L30.4042 27.86L27.3442 30.92L0.404219 3.98ZM27.2242 8.48H31.6642V32.18L27.2242 30.44V8.48ZM7.90422 27.74H29.9242L31.6642 32.18H7.90422V27.74Z\" fill=\"black\"\/>\n<\/svg><\/span><\/div><div class=\"box border-4 rounded-2xl ease-in-out\"><h3 class=\"text-3xl font-semibold\">Val\u00e8ncia<\/h3><span class=\"close\" id=\"closeBtn\"><\/span><p class=\"text-2xl mb-4\">Pa\u00eds Valenci\u00e0<\/p><div class=\"content max-h-32 overflow-y-auto\"><p>En <strong>Entrepobles Valencia<\/strong> som 57 persones socies, que fem treball de solidaritat internacionalista i activitats d'incidencia i sensibilitzacio al voltant de tres eixos principals: Justicies: just\u00edcia ecosocial, drets humans, migracions i mem\u00f2ria hist\u00f2rica, Sobiranies: Defensa del territori i emergencia climatica, i Feminismes.\r\n\r\nTreballem en alianca amb altres organitzacions del territori, i formem part de plataformes com la Coordinadora Valenciana d'Ongds, o els Moviments de Renovaci\u00f3 pedag\u00f3gica.\r\n\r\nPots contactar amb nosaltres mitjancant mail: <strong>valencia@entrepobles.org, paisvalencia@entrepobles.org<\/strong><\/p><\/div><span class=\"arrow\" id=\"arrowToggle\"><svg xmlns=\"http:\/\/www.w3.org\/2000\/svg\" width=\"32\" height=\"33\" viewBox=\"0 0 32 33\" fill=\"none\">\n<path d=\"M0.404219 3.98L3.46422 0.92L30.4042 27.86L27.3442 30.92L0.404219 3.98ZM27.2242 8.48H31.6642V32.18L27.2242 30.44V8.48ZM7.90422 27.74H29.9242L31.6642 32.18H7.90422V27.74Z\" fill=\"black\"\/>\n<\/svg><\/span><\/div><div class=\"box border-4 rounded-2xl ease-in-out\"><h3 class=\"text-3xl font-semibold\">Valladolid<\/h3><span class=\"close\" id=\"closeBtn\"><\/span><p class=\"text-2xl mb-4\">Castilla y Le\u00f3n<\/p><div class=\"content max-h-32 overflow-y-auto\"><p><strong>Entrepobles Valladolid<\/strong> som 82 persones s\u00f2cies. Els nostres \u00e0mbits de treball prioritaris s\u00f3n les sobiranies: sobirania energ\u00e8tica, sobirania aliment\u00e0ria, canvi clim\u00e0tic i feminismes. Les nostres persones de refer\u00e8ncia s\u00f3n Eva Espeso i Manuel Espinilla i ens coordinem a trav\u00e9s del correu electr\u00f2nic i whatsapp per al treball diari. Escriu-nos a <strong>ep.valladolid@entrepueblos.org<\/strong> per resoldre els teus dubtes.<\/p><\/div><span class=\"arrow\" id=\"arrowToggle\"><svg xmlns=\"http:\/\/www.w3.org\/2000\/svg\" width=\"32\" height=\"33\" viewBox=\"0 0 32 33\" fill=\"none\">\n<path d=\"M0.404219 3.98L3.46422 0.92L30.4042 27.86L27.3442 30.92L0.404219 3.98ZM27.2242 8.48H31.6642V32.18L27.2242 30.44V8.48ZM7.90422 27.74H29.9242L31.6642 32.18H7.90422V27.74Z\" fill=\"black\"\/>\n<\/svg><\/span><\/div><div class=\"box border-4 rounded-2xl ease-in-out\"><h3 class=\"text-3xl font-semibold\">Zamora<\/h3><span class=\"close\" id=\"closeBtn\"><\/span><p class=\"text-2xl mb-4\">Castilla y Le\u00f3n<\/p><div class=\"content max-h-32 overflow-y-auto\"><p>A <strong>Entrepobles Zamora<\/strong> el nostre eix de treball prioritari s\u00f3n les sobiranies: emerg\u00e8ncia clim\u00e0tica, transici\u00f3 ecosocial justa, defensa del territori i feminismes. Ens organitzem conjuntament amb \"Zamora en Transici\u00f3\", col\u00b7lectiu local integrat al moviment internacional de \"Ciutats en Transici\u00f3\", enfocat a crear comunitats m\u00e9s sostenibles, humanes i resilients. El mail de contacte \u00e9s: <strong>zamoraentransicion@gmail.com<\/strong><\/p><\/div><span class=\"arrow\" id=\"arrowToggle\"><svg xmlns=\"http:\/\/www.w3.org\/2000\/svg\" width=\"32\" height=\"33\" viewBox=\"0 0 32 33\" fill=\"none\">\n<path d=\"M0.404219 3.98L3.46422 0.92L30.4042 27.86L27.3442 30.92L0.404219 3.98ZM27.2242 8.48H31.6642V32.18L27.2242 30.44V8.48ZM7.90422 27.74H29.9242L31.6642 32.18H7.90422V27.74Z\" fill=\"black\"\/>\n<\/svg><\/span><\/div><\/div>\n","protected":false},"excerpt":{"rendered":"","protected":false},"author":1,"featured_media":48219,"parent":0,"menu_order":0,"comment_status":"closed","ping_status":"closed","template":"template\/on-estem.php","meta":{"_acf_changed":false,"footnotes":""},"class_list":["post-47621","page","type-page","status-publish","has-post-thumbnail","hentry"],"acf":[],"yoast_head":"<!-- This site is optimized with the Yoast SEO plugin v25.4 - https:\/\/yoast.com\/wordpress\/plugins\/seo\/ -->\n<title>On estem? - Entrepobles<\/title>\n<meta name=\"robots\" content=\"index, follow, max-snippet:-1, max-image-preview:large, max-video-preview:-1\" \/>\n<link rel=\"canonical\" href=\"https:\/\/entrepueblos.org\/ca\/on-estem\/\" \/>\n<meta property=\"og:locale\" content=\"ca_ES\" \/>\n<meta property=\"og:type\" content=\"article\" \/>\n<meta property=\"og:title\" content=\"On estem? - Entrepobles\" \/>\n<meta property=\"og:url\" content=\"https:\/\/entrepueblos.org\/ca\/on-estem\/\" \/>\n<meta property=\"og:site_name\" content=\"Entrepobles\" \/>\n<meta property=\"article:modified_time\" content=\"2026-04-21T19:03:50+00:00\" \/>\n<meta property=\"og:image\" content=\"https:\/\/entrepueblos.org\/wp-content\/uploads\/2025\/09\/Solidaridad-con-la-Flotilla-Global-SumudHoy-Barcelona-acoge-un-hito-de-solidaridad-internaciona.jpg\" \/>\n\t<meta property=\"og:image:width\" content=\"1080\" \/>\n\t<meta property=\"og:image:height\" content=\"721\" \/>\n\t<meta property=\"og:image:type\" content=\"image\/jpeg\" \/>\n<meta name=\"twitter:card\" content=\"summary_large_image\" \/>\n<meta name=\"twitter:label1\" content=\"Temps estimat de lectura\" \/>\n\t<meta name=\"twitter:data1\" content=\"1 minut\" \/>\n<script type=\"application\/ld+json\" class=\"yoast-schema-graph\">{\"@context\":\"https:\/\/schema.org\",\"@graph\":[{\"@type\":\"WebPage\",\"@id\":\"https:\/\/entrepueblos.org\/ca\/on-estem\/\",\"url\":\"https:\/\/entrepueblos.org\/ca\/on-estem\/\",\"name\":\"On estem? - Entrepobles\",\"isPartOf\":{\"@id\":\"https:\/\/entrepueblos.org\/ca\/#website\"},\"primaryImageOfPage\":{\"@id\":\"https:\/\/entrepueblos.org\/ca\/on-estem\/#primaryimage\"},\"image\":{\"@id\":\"https:\/\/entrepueblos.org\/ca\/on-estem\/#primaryimage\"},\"thumbnailUrl\":\"https:\/\/entrepueblos.org\/wp-content\/uploads\/2025\/09\/Solidaridad-con-la-Flotilla-Global-SumudHoy-Barcelona-acoge-un-hito-de-solidaridad-internaciona.jpg\",\"datePublished\":\"2025-01-28T16:07:01+00:00\",\"dateModified\":\"2026-04-21T19:03:50+00:00\",\"breadcrumb\":{\"@id\":\"https:\/\/entrepueblos.org\/ca\/on-estem\/#breadcrumb\"},\"inLanguage\":\"ca\",\"potentialAction\":[{\"@type\":\"ReadAction\",\"target\":[\"https:\/\/entrepueblos.org\/ca\/on-estem\/\"]}]},{\"@type\":\"ImageObject\",\"inLanguage\":\"ca\",\"@id\":\"https:\/\/entrepueblos.org\/ca\/on-estem\/#primaryimage\",\"url\":\"https:\/\/entrepueblos.org\/wp-content\/uploads\/2025\/09\/Solidaridad-con-la-Flotilla-Global-SumudHoy-Barcelona-acoge-un-hito-de-solidaridad-internaciona.jpg\",\"contentUrl\":\"https:\/\/entrepueblos.org\/wp-content\/uploads\/2025\/09\/Solidaridad-con-la-Flotilla-Global-SumudHoy-Barcelona-acoge-un-hito-de-solidaridad-internaciona.jpg\",\"width\":1080,\"height\":721},{\"@type\":\"BreadcrumbList\",\"@id\":\"https:\/\/entrepueblos.org\/ca\/on-estem\/#breadcrumb\",\"itemListElement\":[{\"@type\":\"ListItem\",\"position\":1,\"name\":\"Portada\",\"item\":\"https:\/\/entrepueblos.org\/ca\/\"},{\"@type\":\"ListItem\",\"position\":2,\"name\":\"On estem?\"}]},{\"@type\":\"WebSite\",\"@id\":\"https:\/\/entrepueblos.org\/ca\/#website\",\"url\":\"https:\/\/entrepueblos.org\/ca\/\",\"name\":\"Entrepobles\",\"description\":\"\",\"publisher\":{\"@id\":\"https:\/\/entrepueblos.org\/ca\/#organization\"},\"potentialAction\":[{\"@type\":\"SearchAction\",\"target\":{\"@type\":\"EntryPoint\",\"urlTemplate\":\"https:\/\/entrepueblos.org\/ca\/?s={search_term_string}\"},\"query-input\":{\"@type\":\"PropertyValueSpecification\",\"valueRequired\":true,\"valueName\":\"search_term_string\"}}],\"inLanguage\":\"ca\"},{\"@type\":\"Organization\",\"@id\":\"https:\/\/entrepueblos.org\/ca\/#organization\",\"name\":\"Entrepobles\",\"url\":\"https:\/\/entrepueblos.org\/ca\/\",\"logo\":{\"@type\":\"ImageObject\",\"inLanguage\":\"ca\",\"@id\":\"https:\/\/entrepueblos.org\/ca\/#\/schema\/logo\/image\/\",\"url\":\"https:\/\/entrepueblos.org\/wp-content\/uploads\/2025\/01\/cropped-Group-14-2.png\",\"contentUrl\":\"https:\/\/entrepueblos.org\/wp-content\/uploads\/2025\/01\/cropped-Group-14-2.png\",\"width\":109,\"height\":80,\"caption\":\"Entrepobles\"},\"image\":{\"@id\":\"https:\/\/entrepueblos.org\/ca\/#\/schema\/logo\/image\/\"}}]}<\/script>\n<!-- \/ Yoast SEO plugin. -->","yoast_head_json":{"title":"On estem? - Entrepobles","robots":{"index":"index","follow":"follow","max-snippet":"max-snippet:-1","max-image-preview":"max-image-preview:large","max-video-preview":"max-video-preview:-1"},"canonical":"https:\/\/entrepueblos.org\/ca\/on-estem\/","og_locale":"ca_ES","og_type":"article","og_title":"On estem? - Entrepobles","og_url":"https:\/\/entrepueblos.org\/ca\/on-estem\/","og_site_name":"Entrepobles","article_modified_time":"2026-04-21T19:03:50+00:00","og_image":[{"width":1080,"height":721,"url":"https:\/\/entrepueblos.org\/wp-content\/uploads\/2025\/09\/Solidaridad-con-la-Flotilla-Global-SumudHoy-Barcelona-acoge-un-hito-de-solidaridad-internaciona.jpg","type":"image\/jpeg"}],"twitter_card":"summary_large_image","twitter_misc":{"Temps estimat de lectura":"1 minut"},"schema":{"@context":"https:\/\/schema.org","@graph":[{"@type":"WebPage","@id":"https:\/\/entrepueblos.org\/ca\/on-estem\/","url":"https:\/\/entrepueblos.org\/ca\/on-estem\/","name":"On estem? - Entrepobles","isPartOf":{"@id":"https:\/\/entrepueblos.org\/ca\/#website"},"primaryImageOfPage":{"@id":"https:\/\/entrepueblos.org\/ca\/on-estem\/#primaryimage"},"image":{"@id":"https:\/\/entrepueblos.org\/ca\/on-estem\/#primaryimage"},"thumbnailUrl":"https:\/\/entrepueblos.org\/wp-content\/uploads\/2025\/09\/Solidaridad-con-la-Flotilla-Global-SumudHoy-Barcelona-acoge-un-hito-de-solidaridad-internaciona.jpg","datePublished":"2025-01-28T16:07:01+00:00","dateModified":"2026-04-21T19:03:50+00:00","breadcrumb":{"@id":"https:\/\/entrepueblos.org\/ca\/on-estem\/#breadcrumb"},"inLanguage":"ca","potentialAction":[{"@type":"ReadAction","target":["https:\/\/entrepueblos.org\/ca\/on-estem\/"]}]},{"@type":"ImageObject","inLanguage":"ca","@id":"https:\/\/entrepueblos.org\/ca\/on-estem\/#primaryimage","url":"https:\/\/entrepueblos.org\/wp-content\/uploads\/2025\/09\/Solidaridad-con-la-Flotilla-Global-SumudHoy-Barcelona-acoge-un-hito-de-solidaridad-internaciona.jpg","contentUrl":"https:\/\/entrepueblos.org\/wp-content\/uploads\/2025\/09\/Solidaridad-con-la-Flotilla-Global-SumudHoy-Barcelona-acoge-un-hito-de-solidaridad-internaciona.jpg","width":1080,"height":721},{"@type":"BreadcrumbList","@id":"https:\/\/entrepueblos.org\/ca\/on-estem\/#breadcrumb","itemListElement":[{"@type":"ListItem","position":1,"name":"Portada","item":"https:\/\/entrepueblos.org\/ca\/"},{"@type":"ListItem","position":2,"name":"On estem?"}]},{"@type":"WebSite","@id":"https:\/\/entrepueblos.org\/ca\/#website","url":"https:\/\/entrepueblos.org\/ca\/","name":"Entrepobles","description":"","publisher":{"@id":"https:\/\/entrepueblos.org\/ca\/#organization"},"potentialAction":[{"@type":"SearchAction","target":{"@type":"EntryPoint","urlTemplate":"https:\/\/entrepueblos.org\/ca\/?s={search_term_string}"},"query-input":{"@type":"PropertyValueSpecification","valueRequired":true,"valueName":"search_term_string"}}],"inLanguage":"ca"},{"@type":"Organization","@id":"https:\/\/entrepueblos.org\/ca\/#organization","name":"Entrepobles","url":"https:\/\/entrepueblos.org\/ca\/","logo":{"@type":"ImageObject","inLanguage":"ca","@id":"https:\/\/entrepueblos.org\/ca\/#\/schema\/logo\/image\/","url":"https:\/\/entrepueblos.org\/wp-content\/uploads\/2025\/01\/cropped-Group-14-2.png","contentUrl":"https:\/\/entrepueblos.org\/wp-content\/uploads\/2025\/01\/cropped-Group-14-2.png","width":109,"height":80,"caption":"Entrepobles"},"image":{"@id":"https:\/\/entrepueblos.org\/ca\/#\/schema\/logo\/image\/"}}]}},"_links":{"self":[{"href":"https:\/\/entrepueblos.org\/ca\/wp-json\/wp\/v2\/pages\/47621","targetHints":{"allow":["GET"]}}],"collection":[{"href":"https:\/\/entrepueblos.org\/ca\/wp-json\/wp\/v2\/pages"}],"about":[{"href":"https:\/\/entrepueblos.org\/ca\/wp-json\/wp\/v2\/types\/page"}],"author":[{"embeddable":true,"href":"https:\/\/entrepueblos.org\/ca\/wp-json\/wp\/v2\/users\/1"}],"replies":[{"embeddable":true,"href":"https:\/\/entrepueblos.org\/ca\/wp-json\/wp\/v2\/comments?post=47621"}],"version-history":[{"count":5,"href":"https:\/\/entrepueblos.org\/ca\/wp-json\/wp\/v2\/pages\/47621\/revisions"}],"predecessor-version":[{"id":51325,"href":"https:\/\/entrepueblos.org\/ca\/wp-json\/wp\/v2\/pages\/47621\/revisions\/51325"}],"wp:featuredmedia":[{"embeddable":true,"href":"https:\/\/entrepueblos.org\/ca\/wp-json\/wp\/v2\/media\/48219"}],"wp:attachment":[{"href":"https:\/\/entrepueblos.org\/ca\/wp-json\/wp\/v2\/media?parent=47621"}],"curies":[{"name":"wp","href":"https:\/\/api.w.org\/{rel}","templated":true}]}}