
	{"id":51216,"date":"2026-04-14T10:24:55","date_gmt":"2026-04-14T08:24:55","guid":{"rendered":"https:\/\/entrepueblos.org\/?post_type=agenda&#038;p=51216"},"modified":"2026-04-17T09:30:24","modified_gmt":"2026-04-17T07:30:24","slug":"forum-internacional-veus-de-dones-pel-clima-23-i-24-abril","status":"publish","type":"agenda","link":"https:\/\/entrepueblos.org\/ca\/agenda\/forum-internacional-veus-de-dones-pel-clima-23-i-24-abril\/","title":{"rendered":"F\u00f2rum Internacional Veus de Dones pel Clima (23 i 24 abril)"},"content":{"rendered":"\n<p>La Fundaci\u00f3 Mundubat organitza, en col\u00b7laboraci\u00f3 amb el Centre de Cooperaci\u00f3 al Desenvolupament (CCD) de la Universitat Polit\u00e8cnica de Val\u00e8ncia (UPV), Entrepobles, Periferies i AfroLatidos, el F\u00f2rum Internacional \u00abVeus de Dones pel Clima: l&#8217;acci\u00f3 clim\u00e0tica en clau de g\u00e8nere, del local al global\u00bb. La trobada, que se celebrar\u00e0 en el Sal\u00f3 de Graus 3P \u2013 ETSIAMN de la la UPV, <strong>tindr\u00e0 lloc els dies 23 i 24 d&#8217;abril.<\/strong> L&#8217;objectiu \u00e9s visibilitzar com la crisi clim\u00e0tica afecta de manera diferencial a les dones, a causa de les discriminacions de g\u00e8nere preexistents.<\/p>\n\n\n\n<p>A trav\u00e9s d&#8217;un missatge de resist\u00e8ncia i lideratge, el F\u00f2rum Internacional \u00abVeus de Dones pel Clima\u00bb busca posar en el centre les estrat\u00e8gies i aportacions que les dones estan promovent per a avan\u00e7ar cap a la just\u00edcia clim\u00e0tica. Alguna cosa que s&#8217;est\u00e0 aconseguint gr\u00e0cies a l&#8217;impuls de l&#8217;activisme, la ci\u00e8ncia i la participaci\u00f3 en el territori, transformant la vulnerabilitat en una for\u00e7a de canvi global.<\/p>\n\n\n\n<p>La jornada combinar\u00e0 espais d&#8217;an\u00e0lisi te\u00f2rica amb l&#8217;intercanvi de viv\u00e8ncies pr\u00e0ctiques, facilitant el di\u00e0leg entre l&#8217;\u00e0mbit acad\u00e8mic i les experi\u00e8ncies de les dones procedents de diferents regions del m\u00f3n. L&#8217;esdeveniment comptar\u00e0 amb la participaci\u00f3 d&#8217;organitzacions referents en aquesta lluita, com la Coordinadora Llatinoamericana d&#8217;Organitzacions del Camp-Via Pagesa (CLOC-VC), la Xarxa Llatines pel Clima, la Mesa Just\u00edcia Clim\u00e0tica de Centream\u00e8rica, la Xarxa Europea WIDE+ i col\u00b7lectius de dones de la Comunitat Valenciana.<\/p>\n\n\n\n<p>El f\u00f2rum tindr\u00e0 una modalitat h\u00edbrida, gr\u00e0cies a la qual s&#8217;espera reunir m\u00e9s de mig centenar de persones. Les persones assistents podran participar en taules rodones, tallers de mapatge de bones pr\u00e0ctiques i tancaments des del artivismo, orientats a teixir xarxes amb un full de ruta com\u00fa i aliances s\u00f2lides.<\/p>\n\n\n\n<p><strong><a href=\"https:\/\/forms.office.com\/pages\/responsepage.aspx?id=qbzuQQoUd0W7y2nhC7J3kmu9BqV0GtxPqueQakOekClUNjFXRVNUVUNQMTdIMkdLNzhUWTZJUVU0MS4u&amp;route=shorturl\">Inscripcions aqu\u00ed<\/a><\/strong><\/p>\n\n\n\n<p><strong><a href=\"https:\/\/entrepueblos.org\/wp-content\/uploads\/2026\/04\/PROGRAMA-FORO.pdf\">Descarrega el programa complet aqu\u00ed<\/a><\/strong><\/p>\n\n\n\n<figure class=\"wp-block-image\"><img loading=\"lazy\" decoding=\"async\" width=\"1100\" height=\"461\" src=\"https:\/\/entrepueblos.org\/wp-content\/uploads\/2026\/04\/voces_Foro.png\" alt=\"\" class=\"wp-image-51082\" srcset=\"https:\/\/entrepueblos.org\/wp-content\/uploads\/2026\/04\/voces_Foro.png 1100w, https:\/\/entrepueblos.org\/wp-content\/uploads\/2026\/04\/voces_Foro-300x126.png 300w, https:\/\/entrepueblos.org\/wp-content\/uploads\/2026\/04\/voces_Foro-1024x429.png 1024w, https:\/\/entrepueblos.org\/wp-content\/uploads\/2026\/04\/voces_Foro-768x322.png 768w\" sizes=\"auto, (max-width: 1100px) 100vw, 1100px\" \/><\/figure>\n","protected":false},"featured_media":51082,"template":"","meta":{"_acf_changed":true},"tematiques":[573],"territori":[578],"class_list":["post-51216","agenda","type-agenda","status-publish","has-post-thumbnail","hentry","tematiques-defensa-del-territori","territori-valencia-ca"],"acf":[],"yoast_head":"<!-- This site is optimized with the Yoast SEO plugin v25.4 - https:\/\/yoast.com\/wordpress\/plugins\/seo\/ -->\n<title>F\u00f2rum Internacional Veus de Dones pel Clima (23 i 24 abril) - Entrepobles<\/title>\n<meta name=\"robots\" content=\"index, follow, max-snippet:-1, max-image-preview:large, max-video-preview:-1\" \/>\n<link rel=\"canonical\" href=\"https:\/\/entrepueblos.org\/ca\/agenda\/forum-internacional-veus-de-dones-pel-clima-23-i-24-abril\/\" \/>\n<meta property=\"og:locale\" content=\"ca_ES\" \/>\n<meta property=\"og:type\" content=\"article\" \/>\n<meta property=\"og:title\" content=\"F\u00f2rum Internacional Veus de Dones pel Clima (23 i 24 abril) - Entrepobles\" \/>\n<meta property=\"og:description\" content=\"La Fundaci\u00f3 Mundubat organitza, en col\u00b7laboraci\u00f3 amb el Centre de Cooperaci\u00f3 al Desenvolupament (CCD) de la Universitat Polit\u00e8cnica de Val\u00e8ncia (UPV), Entrepobles, Periferies i AfroLatidos,...\" \/>\n<meta property=\"og:url\" content=\"https:\/\/entrepueblos.org\/ca\/agenda\/forum-internacional-veus-de-dones-pel-clima-23-i-24-abril\/\" \/>\n<meta property=\"og:site_name\" content=\"Entrepobles\" \/>\n<meta property=\"article:modified_time\" content=\"2026-04-17T07:30:24+00:00\" \/>\n<meta property=\"og:image\" content=\"https:\/\/entrepueblos.org\/wp-content\/uploads\/2026\/04\/voces_Foro.png\" \/>\n\t<meta property=\"og:image:width\" content=\"1100\" \/>\n\t<meta property=\"og:image:height\" content=\"461\" \/>\n\t<meta property=\"og:image:type\" content=\"image\/png\" \/>\n<meta name=\"twitter:card\" content=\"summary_large_image\" \/>\n<meta name=\"twitter:label1\" content=\"Temps estimat de lectura\" \/>\n\t<meta name=\"twitter:data1\" content=\"2 minuts\" \/>\n<script type=\"application\/ld+json\" class=\"yoast-schema-graph\">{\"@context\":\"https:\/\/schema.org\",\"@graph\":[{\"@type\":\"WebPage\",\"@id\":\"https:\/\/entrepueblos.org\/ca\/agenda\/forum-internacional-veus-de-dones-pel-clima-23-i-24-abril\/\",\"url\":\"https:\/\/entrepueblos.org\/ca\/agenda\/forum-internacional-veus-de-dones-pel-clima-23-i-24-abril\/\",\"name\":\"F\u00f2rum Internacional Veus de Dones pel Clima (23 i 24 abril) - Entrepobles\",\"isPartOf\":{\"@id\":\"https:\/\/entrepueblos.org\/ca\/#website\"},\"primaryImageOfPage\":{\"@id\":\"https:\/\/entrepueblos.org\/ca\/agenda\/forum-internacional-veus-de-dones-pel-clima-23-i-24-abril\/#primaryimage\"},\"image\":{\"@id\":\"https:\/\/entrepueblos.org\/ca\/agenda\/forum-internacional-veus-de-dones-pel-clima-23-i-24-abril\/#primaryimage\"},\"thumbnailUrl\":\"https:\/\/entrepueblos.org\/wp-content\/uploads\/2026\/04\/voces_Foro.png\",\"datePublished\":\"2026-04-14T08:24:55+00:00\",\"dateModified\":\"2026-04-17T07:30:24+00:00\",\"breadcrumb\":{\"@id\":\"https:\/\/entrepueblos.org\/ca\/agenda\/forum-internacional-veus-de-dones-pel-clima-23-i-24-abril\/#breadcrumb\"},\"inLanguage\":\"ca\",\"potentialAction\":[{\"@type\":\"ReadAction\",\"target\":[\"https:\/\/entrepueblos.org\/ca\/agenda\/forum-internacional-veus-de-dones-pel-clima-23-i-24-abril\/\"]}]},{\"@type\":\"ImageObject\",\"inLanguage\":\"ca\",\"@id\":\"https:\/\/entrepueblos.org\/ca\/agenda\/forum-internacional-veus-de-dones-pel-clima-23-i-24-abril\/#primaryimage\",\"url\":\"https:\/\/entrepueblos.org\/wp-content\/uploads\/2026\/04\/voces_Foro.png\",\"contentUrl\":\"https:\/\/entrepueblos.org\/wp-content\/uploads\/2026\/04\/voces_Foro.png\",\"width\":1100,\"height\":461},{\"@type\":\"BreadcrumbList\",\"@id\":\"https:\/\/entrepueblos.org\/ca\/agenda\/forum-internacional-veus-de-dones-pel-clima-23-i-24-abril\/#breadcrumb\",\"itemListElement\":[{\"@type\":\"ListItem\",\"position\":1,\"name\":\"Portada\",\"item\":\"https:\/\/entrepueblos.org\/ca\/\"},{\"@type\":\"ListItem\",\"position\":2,\"name\":\"F\u00f2rum Internacional Veus de Dones pel Clima (23 i 24 abril)\"}]},{\"@type\":\"WebSite\",\"@id\":\"https:\/\/entrepueblos.org\/ca\/#website\",\"url\":\"https:\/\/entrepueblos.org\/ca\/\",\"name\":\"Entrepobles\",\"description\":\"\",\"publisher\":{\"@id\":\"https:\/\/entrepueblos.org\/ca\/#organization\"},\"potentialAction\":[{\"@type\":\"SearchAction\",\"target\":{\"@type\":\"EntryPoint\",\"urlTemplate\":\"https:\/\/entrepueblos.org\/ca\/?s={search_term_string}\"},\"query-input\":{\"@type\":\"PropertyValueSpecification\",\"valueRequired\":true,\"valueName\":\"search_term_string\"}}],\"inLanguage\":\"ca\"},{\"@type\":\"Organization\",\"@id\":\"https:\/\/entrepueblos.org\/ca\/#organization\",\"name\":\"Entrepobles\",\"url\":\"https:\/\/entrepueblos.org\/ca\/\",\"logo\":{\"@type\":\"ImageObject\",\"inLanguage\":\"ca\",\"@id\":\"https:\/\/entrepueblos.org\/ca\/#\/schema\/logo\/image\/\",\"url\":\"https:\/\/entrepueblos.org\/wp-content\/uploads\/2025\/01\/cropped-Group-14-2.png\",\"contentUrl\":\"https:\/\/entrepueblos.org\/wp-content\/uploads\/2025\/01\/cropped-Group-14-2.png\",\"width\":109,\"height\":80,\"caption\":\"Entrepobles\"},\"image\":{\"@id\":\"https:\/\/entrepueblos.org\/ca\/#\/schema\/logo\/image\/\"}}]}<\/script>\n<!-- \/ Yoast SEO plugin. -->","yoast_head_json":{"title":"F\u00f2rum Internacional Veus de Dones pel Clima (23 i 24 abril) - Entrepobles","robots":{"index":"index","follow":"follow","max-snippet":"max-snippet:-1","max-image-preview":"max-image-preview:large","max-video-preview":"max-video-preview:-1"},"canonical":"https:\/\/entrepueblos.org\/ca\/agenda\/forum-internacional-veus-de-dones-pel-clima-23-i-24-abril\/","og_locale":"ca_ES","og_type":"article","og_title":"F\u00f2rum Internacional Veus de Dones pel Clima (23 i 24 abril) - Entrepobles","og_description":"La Fundaci\u00f3 Mundubat organitza, en col\u00b7laboraci\u00f3 amb el Centre de Cooperaci\u00f3 al Desenvolupament (CCD) de la Universitat Polit\u00e8cnica de Val\u00e8ncia (UPV), Entrepobles, Periferies i AfroLatidos,...","og_url":"https:\/\/entrepueblos.org\/ca\/agenda\/forum-internacional-veus-de-dones-pel-clima-23-i-24-abril\/","og_site_name":"Entrepobles","article_modified_time":"2026-04-17T07:30:24+00:00","og_image":[{"width":1100,"height":461,"url":"https:\/\/entrepueblos.org\/wp-content\/uploads\/2026\/04\/voces_Foro.png","type":"image\/png"}],"twitter_card":"summary_large_image","twitter_misc":{"Temps estimat de lectura":"2 minuts"},"schema":{"@context":"https:\/\/schema.org","@graph":[{"@type":"WebPage","@id":"https:\/\/entrepueblos.org\/ca\/agenda\/forum-internacional-veus-de-dones-pel-clima-23-i-24-abril\/","url":"https:\/\/entrepueblos.org\/ca\/agenda\/forum-internacional-veus-de-dones-pel-clima-23-i-24-abril\/","name":"F\u00f2rum Internacional Veus de Dones pel Clima (23 i 24 abril) - Entrepobles","isPartOf":{"@id":"https:\/\/entrepueblos.org\/ca\/#website"},"primaryImageOfPage":{"@id":"https:\/\/entrepueblos.org\/ca\/agenda\/forum-internacional-veus-de-dones-pel-clima-23-i-24-abril\/#primaryimage"},"image":{"@id":"https:\/\/entrepueblos.org\/ca\/agenda\/forum-internacional-veus-de-dones-pel-clima-23-i-24-abril\/#primaryimage"},"thumbnailUrl":"https:\/\/entrepueblos.org\/wp-content\/uploads\/2026\/04\/voces_Foro.png","datePublished":"2026-04-14T08:24:55+00:00","dateModified":"2026-04-17T07:30:24+00:00","breadcrumb":{"@id":"https:\/\/entrepueblos.org\/ca\/agenda\/forum-internacional-veus-de-dones-pel-clima-23-i-24-abril\/#breadcrumb"},"inLanguage":"ca","potentialAction":[{"@type":"ReadAction","target":["https:\/\/entrepueblos.org\/ca\/agenda\/forum-internacional-veus-de-dones-pel-clima-23-i-24-abril\/"]}]},{"@type":"ImageObject","inLanguage":"ca","@id":"https:\/\/entrepueblos.org\/ca\/agenda\/forum-internacional-veus-de-dones-pel-clima-23-i-24-abril\/#primaryimage","url":"https:\/\/entrepueblos.org\/wp-content\/uploads\/2026\/04\/voces_Foro.png","contentUrl":"https:\/\/entrepueblos.org\/wp-content\/uploads\/2026\/04\/voces_Foro.png","width":1100,"height":461},{"@type":"BreadcrumbList","@id":"https:\/\/entrepueblos.org\/ca\/agenda\/forum-internacional-veus-de-dones-pel-clima-23-i-24-abril\/#breadcrumb","itemListElement":[{"@type":"ListItem","position":1,"name":"Portada","item":"https:\/\/entrepueblos.org\/ca\/"},{"@type":"ListItem","position":2,"name":"F\u00f2rum Internacional Veus de Dones pel Clima (23 i 24 abril)"}]},{"@type":"WebSite","@id":"https:\/\/entrepueblos.org\/ca\/#website","url":"https:\/\/entrepueblos.org\/ca\/","name":"Entrepobles","description":"","publisher":{"@id":"https:\/\/entrepueblos.org\/ca\/#organization"},"potentialAction":[{"@type":"SearchAction","target":{"@type":"EntryPoint","urlTemplate":"https:\/\/entrepueblos.org\/ca\/?s={search_term_string}"},"query-input":{"@type":"PropertyValueSpecification","valueRequired":true,"valueName":"search_term_string"}}],"inLanguage":"ca"},{"@type":"Organization","@id":"https:\/\/entrepueblos.org\/ca\/#organization","name":"Entrepobles","url":"https:\/\/entrepueblos.org\/ca\/","logo":{"@type":"ImageObject","inLanguage":"ca","@id":"https:\/\/entrepueblos.org\/ca\/#\/schema\/logo\/image\/","url":"https:\/\/entrepueblos.org\/wp-content\/uploads\/2025\/01\/cropped-Group-14-2.png","contentUrl":"https:\/\/entrepueblos.org\/wp-content\/uploads\/2025\/01\/cropped-Group-14-2.png","width":109,"height":80,"caption":"Entrepobles"},"image":{"@id":"https:\/\/entrepueblos.org\/ca\/#\/schema\/logo\/image\/"}}]}},"_links":{"self":[{"href":"https:\/\/entrepueblos.org\/ca\/wp-json\/wp\/v2\/agenda\/51216","targetHints":{"allow":["GET"]}}],"collection":[{"href":"https:\/\/entrepueblos.org\/ca\/wp-json\/wp\/v2\/agenda"}],"about":[{"href":"https:\/\/entrepueblos.org\/ca\/wp-json\/wp\/v2\/types\/agenda"}],"wp:featuredmedia":[{"embeddable":true,"href":"https:\/\/entrepueblos.org\/ca\/wp-json\/wp\/v2\/media\/51082"}],"wp:attachment":[{"href":"https:\/\/entrepueblos.org\/ca\/wp-json\/wp\/v2\/media?parent=51216"}],"wp:term":[{"taxonomy":"tematiques","embeddable":true,"href":"https:\/\/entrepueblos.org\/ca\/wp-json\/wp\/v2\/tematiques?post=51216"},{"taxonomy":"territori","embeddable":true,"href":"https:\/\/entrepueblos.org\/ca\/wp-json\/wp\/v2\/territori?post=51216"}],"curies":[{"name":"wp","href":"https:\/\/api.w.org\/{rel}","templated":true}]}}