
	{"id":50588,"date":"2025-11-21T19:18:17","date_gmt":"2025-11-21T18:18:17","guid":{"rendered":"https:\/\/entrepueblos.org\/?post_type=agenda&#038;p=50588"},"modified":"2026-03-13T19:24:03","modified_gmt":"2026-03-13T18:24:03","slug":"cuerpos-territorios-y-derechos-en-disputa-resistencias-colectivas-en-peru-y-alicante-intercambio-de-saberes","status":"publish","type":"agenda","link":"https:\/\/entrepueblos.org\/ca\/agenda\/cuerpos-territorios-y-derechos-en-disputa-resistencias-colectivas-en-peru-y-alicante-intercambio-de-saberes\/","title":{"rendered":"Cossos, territoris i drets en disputa. Resist\u00e8ncies col.lectives desde Per\u00fa i Alacant. Intercanvi de sabers"},"content":{"rendered":"\n<p><strong>Divendres, 21 de novembre de 2025, 19 hores<\/strong><\/p>\n\n\n\n<p>Seu Universit\u00e0ria Ciutat d&#8217;Alacant&nbsp;(Avgda. Ram\u00f3n i Cajal, 4. Alacant)<\/p>\n\n\n\n<figure class=\"wp-block-image size-large is-resized\"><img loading=\"lazy\" decoding=\"async\" width=\"724\" height=\"1024\" src=\"https:\/\/entrepueblos.org\/wp-content\/uploads\/2026\/03\/Acto-Alacant-Gira-Peru_val-724x1024.png\" alt=\"\" class=\"wp-image-50587\" style=\"aspect-ratio:0.7070267795834287;width:559px;height:auto\" srcset=\"https:\/\/entrepueblos.org\/wp-content\/uploads\/2026\/03\/Acto-Alacant-Gira-Peru_val-724x1024.png 724w, https:\/\/entrepueblos.org\/wp-content\/uploads\/2026\/03\/Acto-Alacant-Gira-Peru_val-212x300.png 212w, https:\/\/entrepueblos.org\/wp-content\/uploads\/2026\/03\/Acto-Alacant-Gira-Peru_val-768x1086.png 768w, https:\/\/entrepueblos.org\/wp-content\/uploads\/2026\/03\/Acto-Alacant-Gira-Peru_val-1086x1536.png 1086w, https:\/\/entrepueblos.org\/wp-content\/uploads\/2026\/03\/Acto-Alacant-Gira-Peru_val.png 1414w\" sizes=\"auto, (max-width: 724px) 100vw, 724px\" \/><\/figure>\n\n\n\n<p>Aquest intercanvi de sabers col\u00b7lectius, dins de la Gira organitzada per Entrepobles &#8220;<em><strong>Cossos, territoris i drets en disputa. Resist\u00e8ncies col\u00b7lectives al Per\u00fa<\/strong><\/em>&#8220;, que t\u00e9 lloc en un moment complex a Am\u00e8rica Llatina i en concret al Per\u00fa, pel tancament d&#8217;espais i ruptura democr\u00e0tica, i tamb\u00e9 en un context d&#8217;extractivisme i conflictes ecoterritorials, promou avan\u00e7ar solid\u00e0riament i a nivell internacional en la transici\u00f3 cap a un model ecosocial que protegisca la vida i la naturalesa. Comptarem amb tres activistes peruanes que defensen els drets humans i el territori enfront de l&#8217;extractivisme i la criminalitzaci\u00f3, i abordarem a m\u00e9s l&#8217;impacte diferenciat i les viol\u00e8ncies cap a les dones defensores en contextes extractius.<\/p>\n\n\n\n<p><strong>Compartirem estrat\u00e8gies i dialogarem amb col\u00b7lectius socials i ambientals d&#8217;Alacant<\/strong>, per a avan\u00e7ar juntes cap a una transici\u00f3 ecosocial justa i feminista.<\/p>\n\n\n\n<p>Intervenen:&nbsp;<\/p>\n\n\n\n<ul class=\"wp-block-list\">\n<li><strong>Lizbeth Abarca Pe\u00f1a<\/strong>. Docent i defensora de drets humans i ambientals. Criminalitzada en 2015 per protestar front a l&#8217;impacte de la mineria de Las Bambas. Integrant del Frente de Defensa Provincial de Cotabambas (Apur\u00edmac).<\/li>\n\n\n\n<li><strong>Jaime Borda Pari<\/strong>. Secretari executiu de la\u00a0<a href=\"https:\/\/muqui.org\/\" target=\"_blank\" rel=\"noreferrer noopener\">Red Muqui<\/a>\u00a0i membre del Pacto Ecosocial del Sur. Comunicador social especialitzat en drets humans, comunitats i mineria; originari de Puno, amb base en Lima.<\/li>\n\n\n\n<li><strong>Roc\u00edo Silva Santisteban<\/strong>. Activista feminista i de drets humans. Investigadora, periodista i professora universit\u00e0ria. Directora de\u00a0<a href=\"https:\/\/www.demus.org.pe\/\" target=\"_blank\" rel=\"noreferrer noopener\">DEMUS<\/a>\u00a0(Estudio para la Defensa de los Derechos de la Mujer, Lima).<\/li>\n<\/ul>\n\n\n\n<p>Organitzen i participen: Entrepobles, Perif\u00e8ries del M\u00f3n,&nbsp;M\u00e0ster Interuniversitari en Cooperaci\u00f3 al Desenvolupament (Especialitat en Sostenibilitat) de la Universitat d&#8217;Alacant (UA), Grup de Investigaci\u00f3 Geopol\u00edtica_UA (GECOTEMI),&nbsp;Escola Camperola,&nbsp;EcoXarxa L&#8217;Alacant\u00ed, Alicante D\u00f3nde Vas (Plataforma cr\u00edtica del turismo) i Asamblea C\u00edvica por el Clima del Pa\u00eds Valenci\u00e0.&nbsp;<\/p>\n","protected":false},"featured_media":50587,"template":"","meta":{"_acf_changed":false},"tematiques":[573,571,574],"territori":[577],"class_list":["post-50588","agenda","type-agenda","status-publish","has-post-thumbnail","hentry","tematiques-defensa-del-territori","tematiques-defensores","tematiques-feminismes","territori-alacant-ca"],"acf":[],"yoast_head":"<!-- This site is optimized with the Yoast SEO plugin v25.4 - https:\/\/yoast.com\/wordpress\/plugins\/seo\/ -->\n<title>Cossos, territoris i drets en disputa. Resist\u00e8ncies col.lectives desde Per\u00fa i Alacant. Intercanvi de sabers - Entrepobles<\/title>\n<meta name=\"robots\" content=\"index, follow, max-snippet:-1, max-image-preview:large, max-video-preview:-1\" \/>\n<link rel=\"canonical\" href=\"https:\/\/entrepueblos.org\/ca\/agenda\/cuerpos-territorios-y-derechos-en-disputa-resistencias-colectivas-en-peru-y-alicante-intercambio-de-saberes\/\" \/>\n<meta property=\"og:locale\" content=\"ca_ES\" \/>\n<meta property=\"og:type\" content=\"article\" \/>\n<meta property=\"og:title\" content=\"Cossos, territoris i drets en disputa. Resist\u00e8ncies col.lectives desde Per\u00fa i Alacant. Intercanvi de sabers - Entrepobles\" \/>\n<meta property=\"og:description\" content=\"Divendres, 21 de novembre de 2025, 19 hores Seu Universit\u00e0ria Ciutat d&#8217;Alacant&nbsp;(Avgda. Ram\u00f3n i Cajal, 4. Alacant) Aquest intercanvi de sabers col\u00b7lectius, dins de la...\" \/>\n<meta property=\"og:url\" content=\"https:\/\/entrepueblos.org\/ca\/agenda\/cuerpos-territorios-y-derechos-en-disputa-resistencias-colectivas-en-peru-y-alicante-intercambio-de-saberes\/\" \/>\n<meta property=\"og:site_name\" content=\"Entrepobles\" \/>\n<meta property=\"article:modified_time\" content=\"2026-03-13T18:24:03+00:00\" \/>\n<meta property=\"og:image\" content=\"https:\/\/entrepueblos.org\/wp-content\/uploads\/2026\/03\/Acto-Alacant-Gira-Peru_val.png\" \/>\n\t<meta property=\"og:image:width\" content=\"1414\" \/>\n\t<meta property=\"og:image:height\" content=\"2000\" \/>\n\t<meta property=\"og:image:type\" content=\"image\/png\" \/>\n<meta name=\"twitter:card\" content=\"summary_large_image\" \/>\n<meta name=\"twitter:label1\" content=\"Temps estimat de lectura\" \/>\n\t<meta name=\"twitter:data1\" content=\"2 minuts\" \/>\n<script type=\"application\/ld+json\" class=\"yoast-schema-graph\">{\"@context\":\"https:\/\/schema.org\",\"@graph\":[{\"@type\":\"WebPage\",\"@id\":\"https:\/\/entrepueblos.org\/ca\/agenda\/cuerpos-territorios-y-derechos-en-disputa-resistencias-colectivas-en-peru-y-alicante-intercambio-de-saberes\/\",\"url\":\"https:\/\/entrepueblos.org\/ca\/agenda\/cuerpos-territorios-y-derechos-en-disputa-resistencias-colectivas-en-peru-y-alicante-intercambio-de-saberes\/\",\"name\":\"Cossos, territoris i drets en disputa. Resist\u00e8ncies col.lectives desde Per\u00fa i Alacant. Intercanvi de sabers - Entrepobles\",\"isPartOf\":{\"@id\":\"https:\/\/entrepueblos.org\/ca\/#website\"},\"primaryImageOfPage\":{\"@id\":\"https:\/\/entrepueblos.org\/ca\/agenda\/cuerpos-territorios-y-derechos-en-disputa-resistencias-colectivas-en-peru-y-alicante-intercambio-de-saberes\/#primaryimage\"},\"image\":{\"@id\":\"https:\/\/entrepueblos.org\/ca\/agenda\/cuerpos-territorios-y-derechos-en-disputa-resistencias-colectivas-en-peru-y-alicante-intercambio-de-saberes\/#primaryimage\"},\"thumbnailUrl\":\"https:\/\/entrepueblos.org\/wp-content\/uploads\/2026\/03\/Acto-Alacant-Gira-Peru_val.png\",\"datePublished\":\"2025-11-21T18:18:17+00:00\",\"dateModified\":\"2026-03-13T18:24:03+00:00\",\"breadcrumb\":{\"@id\":\"https:\/\/entrepueblos.org\/ca\/agenda\/cuerpos-territorios-y-derechos-en-disputa-resistencias-colectivas-en-peru-y-alicante-intercambio-de-saberes\/#breadcrumb\"},\"inLanguage\":\"ca\",\"potentialAction\":[{\"@type\":\"ReadAction\",\"target\":[\"https:\/\/entrepueblos.org\/ca\/agenda\/cuerpos-territorios-y-derechos-en-disputa-resistencias-colectivas-en-peru-y-alicante-intercambio-de-saberes\/\"]}]},{\"@type\":\"ImageObject\",\"inLanguage\":\"ca\",\"@id\":\"https:\/\/entrepueblos.org\/ca\/agenda\/cuerpos-territorios-y-derechos-en-disputa-resistencias-colectivas-en-peru-y-alicante-intercambio-de-saberes\/#primaryimage\",\"url\":\"https:\/\/entrepueblos.org\/wp-content\/uploads\/2026\/03\/Acto-Alacant-Gira-Peru_val.png\",\"contentUrl\":\"https:\/\/entrepueblos.org\/wp-content\/uploads\/2026\/03\/Acto-Alacant-Gira-Peru_val.png\",\"width\":1414,\"height\":2000},{\"@type\":\"BreadcrumbList\",\"@id\":\"https:\/\/entrepueblos.org\/ca\/agenda\/cuerpos-territorios-y-derechos-en-disputa-resistencias-colectivas-en-peru-y-alicante-intercambio-de-saberes\/#breadcrumb\",\"itemListElement\":[{\"@type\":\"ListItem\",\"position\":1,\"name\":\"Portada\",\"item\":\"https:\/\/entrepueblos.org\/ca\/\"},{\"@type\":\"ListItem\",\"position\":2,\"name\":\"Cossos, territoris i drets en disputa. Resist\u00e8ncies col.lectives desde Per\u00fa i Alacant. Intercanvi de sabers\"}]},{\"@type\":\"WebSite\",\"@id\":\"https:\/\/entrepueblos.org\/ca\/#website\",\"url\":\"https:\/\/entrepueblos.org\/ca\/\",\"name\":\"Entrepobles\",\"description\":\"\",\"publisher\":{\"@id\":\"https:\/\/entrepueblos.org\/ca\/#organization\"},\"potentialAction\":[{\"@type\":\"SearchAction\",\"target\":{\"@type\":\"EntryPoint\",\"urlTemplate\":\"https:\/\/entrepueblos.org\/ca\/?s={search_term_string}\"},\"query-input\":{\"@type\":\"PropertyValueSpecification\",\"valueRequired\":true,\"valueName\":\"search_term_string\"}}],\"inLanguage\":\"ca\"},{\"@type\":\"Organization\",\"@id\":\"https:\/\/entrepueblos.org\/ca\/#organization\",\"name\":\"Entrepobles\",\"url\":\"https:\/\/entrepueblos.org\/ca\/\",\"logo\":{\"@type\":\"ImageObject\",\"inLanguage\":\"ca\",\"@id\":\"https:\/\/entrepueblos.org\/ca\/#\/schema\/logo\/image\/\",\"url\":\"https:\/\/entrepueblos.org\/wp-content\/uploads\/2025\/01\/cropped-Group-14-2.png\",\"contentUrl\":\"https:\/\/entrepueblos.org\/wp-content\/uploads\/2025\/01\/cropped-Group-14-2.png\",\"width\":109,\"height\":80,\"caption\":\"Entrepobles\"},\"image\":{\"@id\":\"https:\/\/entrepueblos.org\/ca\/#\/schema\/logo\/image\/\"}}]}<\/script>\n<!-- \/ Yoast SEO plugin. -->","yoast_head_json":{"title":"Cossos, territoris i drets en disputa. Resist\u00e8ncies col.lectives desde Per\u00fa i Alacant. Intercanvi de sabers - Entrepobles","robots":{"index":"index","follow":"follow","max-snippet":"max-snippet:-1","max-image-preview":"max-image-preview:large","max-video-preview":"max-video-preview:-1"},"canonical":"https:\/\/entrepueblos.org\/ca\/agenda\/cuerpos-territorios-y-derechos-en-disputa-resistencias-colectivas-en-peru-y-alicante-intercambio-de-saberes\/","og_locale":"ca_ES","og_type":"article","og_title":"Cossos, territoris i drets en disputa. Resist\u00e8ncies col.lectives desde Per\u00fa i Alacant. Intercanvi de sabers - Entrepobles","og_description":"Divendres, 21 de novembre de 2025, 19 hores Seu Universit\u00e0ria Ciutat d&#8217;Alacant&nbsp;(Avgda. Ram\u00f3n i Cajal, 4. Alacant) Aquest intercanvi de sabers col\u00b7lectius, dins de la...","og_url":"https:\/\/entrepueblos.org\/ca\/agenda\/cuerpos-territorios-y-derechos-en-disputa-resistencias-colectivas-en-peru-y-alicante-intercambio-de-saberes\/","og_site_name":"Entrepobles","article_modified_time":"2026-03-13T18:24:03+00:00","og_image":[{"width":1414,"height":2000,"url":"https:\/\/entrepueblos.org\/wp-content\/uploads\/2026\/03\/Acto-Alacant-Gira-Peru_val.png","type":"image\/png"}],"twitter_card":"summary_large_image","twitter_misc":{"Temps estimat de lectura":"2 minuts"},"schema":{"@context":"https:\/\/schema.org","@graph":[{"@type":"WebPage","@id":"https:\/\/entrepueblos.org\/ca\/agenda\/cuerpos-territorios-y-derechos-en-disputa-resistencias-colectivas-en-peru-y-alicante-intercambio-de-saberes\/","url":"https:\/\/entrepueblos.org\/ca\/agenda\/cuerpos-territorios-y-derechos-en-disputa-resistencias-colectivas-en-peru-y-alicante-intercambio-de-saberes\/","name":"Cossos, territoris i drets en disputa. Resist\u00e8ncies col.lectives desde Per\u00fa i Alacant. Intercanvi de sabers - Entrepobles","isPartOf":{"@id":"https:\/\/entrepueblos.org\/ca\/#website"},"primaryImageOfPage":{"@id":"https:\/\/entrepueblos.org\/ca\/agenda\/cuerpos-territorios-y-derechos-en-disputa-resistencias-colectivas-en-peru-y-alicante-intercambio-de-saberes\/#primaryimage"},"image":{"@id":"https:\/\/entrepueblos.org\/ca\/agenda\/cuerpos-territorios-y-derechos-en-disputa-resistencias-colectivas-en-peru-y-alicante-intercambio-de-saberes\/#primaryimage"},"thumbnailUrl":"https:\/\/entrepueblos.org\/wp-content\/uploads\/2026\/03\/Acto-Alacant-Gira-Peru_val.png","datePublished":"2025-11-21T18:18:17+00:00","dateModified":"2026-03-13T18:24:03+00:00","breadcrumb":{"@id":"https:\/\/entrepueblos.org\/ca\/agenda\/cuerpos-territorios-y-derechos-en-disputa-resistencias-colectivas-en-peru-y-alicante-intercambio-de-saberes\/#breadcrumb"},"inLanguage":"ca","potentialAction":[{"@type":"ReadAction","target":["https:\/\/entrepueblos.org\/ca\/agenda\/cuerpos-territorios-y-derechos-en-disputa-resistencias-colectivas-en-peru-y-alicante-intercambio-de-saberes\/"]}]},{"@type":"ImageObject","inLanguage":"ca","@id":"https:\/\/entrepueblos.org\/ca\/agenda\/cuerpos-territorios-y-derechos-en-disputa-resistencias-colectivas-en-peru-y-alicante-intercambio-de-saberes\/#primaryimage","url":"https:\/\/entrepueblos.org\/wp-content\/uploads\/2026\/03\/Acto-Alacant-Gira-Peru_val.png","contentUrl":"https:\/\/entrepueblos.org\/wp-content\/uploads\/2026\/03\/Acto-Alacant-Gira-Peru_val.png","width":1414,"height":2000},{"@type":"BreadcrumbList","@id":"https:\/\/entrepueblos.org\/ca\/agenda\/cuerpos-territorios-y-derechos-en-disputa-resistencias-colectivas-en-peru-y-alicante-intercambio-de-saberes\/#breadcrumb","itemListElement":[{"@type":"ListItem","position":1,"name":"Portada","item":"https:\/\/entrepueblos.org\/ca\/"},{"@type":"ListItem","position":2,"name":"Cossos, territoris i drets en disputa. Resist\u00e8ncies col.lectives desde Per\u00fa i Alacant. Intercanvi de sabers"}]},{"@type":"WebSite","@id":"https:\/\/entrepueblos.org\/ca\/#website","url":"https:\/\/entrepueblos.org\/ca\/","name":"Entrepobles","description":"","publisher":{"@id":"https:\/\/entrepueblos.org\/ca\/#organization"},"potentialAction":[{"@type":"SearchAction","target":{"@type":"EntryPoint","urlTemplate":"https:\/\/entrepueblos.org\/ca\/?s={search_term_string}"},"query-input":{"@type":"PropertyValueSpecification","valueRequired":true,"valueName":"search_term_string"}}],"inLanguage":"ca"},{"@type":"Organization","@id":"https:\/\/entrepueblos.org\/ca\/#organization","name":"Entrepobles","url":"https:\/\/entrepueblos.org\/ca\/","logo":{"@type":"ImageObject","inLanguage":"ca","@id":"https:\/\/entrepueblos.org\/ca\/#\/schema\/logo\/image\/","url":"https:\/\/entrepueblos.org\/wp-content\/uploads\/2025\/01\/cropped-Group-14-2.png","contentUrl":"https:\/\/entrepueblos.org\/wp-content\/uploads\/2025\/01\/cropped-Group-14-2.png","width":109,"height":80,"caption":"Entrepobles"},"image":{"@id":"https:\/\/entrepueblos.org\/ca\/#\/schema\/logo\/image\/"}}]}},"_links":{"self":[{"href":"https:\/\/entrepueblos.org\/ca\/wp-json\/wp\/v2\/agenda\/50588","targetHints":{"allow":["GET"]}}],"collection":[{"href":"https:\/\/entrepueblos.org\/ca\/wp-json\/wp\/v2\/agenda"}],"about":[{"href":"https:\/\/entrepueblos.org\/ca\/wp-json\/wp\/v2\/types\/agenda"}],"wp:featuredmedia":[{"embeddable":true,"href":"https:\/\/entrepueblos.org\/ca\/wp-json\/wp\/v2\/media\/50587"}],"wp:attachment":[{"href":"https:\/\/entrepueblos.org\/ca\/wp-json\/wp\/v2\/media?parent=50588"}],"wp:term":[{"taxonomy":"tematiques","embeddable":true,"href":"https:\/\/entrepueblos.org\/ca\/wp-json\/wp\/v2\/tematiques?post=50588"},{"taxonomy":"territori","embeddable":true,"href":"https:\/\/entrepueblos.org\/ca\/wp-json\/wp\/v2\/territori?post=50588"}],"curies":[{"name":"wp","href":"https:\/\/api.w.org\/{rel}","templated":true}]}}